{"id":2,"date":"2023-10-03T10:34:37","date_gmt":"2023-10-03T08:34:37","guid":{"rendered":"https:\/\/www.gasthaus-hafenterrasse.de\/?page_id=2"},"modified":"2026-04-19T21:05:33","modified_gmt":"2026-04-19T19:05:33","slug":"italienisches-restaurant-hafenterrasse-in-goyatz-am-schwielochsee","status":"publish","type":"page","link":"https:\/\/www.gasthaus-hafenterrasse.de\/","title":{"rendered":"Italienisches Restaurant Hafenterrasse in Goyatz am Schwielochsee"},"content":{"rendered":"\t\t<div data-elementor-type=\"wp-page\" data-elementor-id=\"2\" class=\"elementor elementor-2\" data-elementor-post-type=\"page\">\n\t\t\t\t<div data-dce-background-overlay-color=\"#1C315F00\" class=\"elementor-element elementor-element-6ae599d e-flex e-con-boxed e-con e-parent\" data-id=\"6ae599d\" data-element_type=\"container\" data-e-type=\"container\" data-settings=\"{&quot;background_background&quot;:&quot;slideshow&quot;,&quot;background_slideshow_gallery&quot;:[{&quot;id&quot;:359,&quot;url&quot;:&quot;https:\\\/\\\/www.gasthaus-hafenterrasse.de\\\/wp-content\\\/uploads\\\/2025\\\/04\\\/Restaurant.webp&quot;},{&quot;id&quot;:215,&quot;url&quot;:&quot;https:\\\/\\\/www.gasthaus-hafenterrasse.de\\\/wp-content\\\/uploads\\\/2024\\\/08\\\/20240830_172023-scaled.jpg&quot;},{&quot;id&quot;:218,&quot;url&quot;:&quot;https:\\\/\\\/www.gasthaus-hafenterrasse.de\\\/wp-content\\\/uploads\\\/2024\\\/08\\\/20240830_172005-scaled.jpg&quot;},{&quot;id&quot;:92,&quot;url&quot;:&quot;https:\\\/\\\/www.gasthaus-hafenterrasse.de\\\/wp-content\\\/uploads\\\/2023\\\/10\\\/IMG_0849-scaled.jpeg&quot;},{&quot;id&quot;:80,&quot;url&quot;:&quot;https:\\\/\\\/www.gasthaus-hafenterrasse.de\\\/wp-content\\\/uploads\\\/2023\\\/10\\\/IMG_20231003_102337-scaled.jpg&quot;},{&quot;id&quot;:79,&quot;url&quot;:&quot;https:\\\/\\\/www.gasthaus-hafenterrasse.de\\\/wp-content\\\/uploads\\\/2023\\\/10\\\/IMG_20231003_102326-scaled.jpg&quot;},{&quot;id&quot;:78,&quot;url&quot;:&quot;https:\\\/\\\/www.gasthaus-hafenterrasse.de\\\/wp-content\\\/uploads\\\/2023\\\/10\\\/IMG_20231003_102323-scaled.jpg&quot;},{&quot;id&quot;:52,&quot;url&quot;:&quot;https:\\\/\\\/www.gasthaus-hafenterrasse.de\\\/wp-content\\\/uploads\\\/2023\\\/10\\\/IMG_20231003_102029-scaled.jpg&quot;},{&quot;id&quot;:72,&quot;url&quot;:&quot;https:\\\/\\\/www.gasthaus-hafenterrasse.de\\\/wp-content\\\/uploads\\\/2023\\\/10\\\/IMG_20231003_102235-scaled.jpg&quot;}],&quot;background_slideshow_slide_duration&quot;:3000,&quot;background_slideshow_lazyload&quot;:&quot;yes&quot;,&quot;background_slideshow_ken_burns&quot;:&quot;yes&quot;,&quot;shape_divider_top&quot;:&quot;mountains&quot;,&quot;background_slideshow_loop&quot;:&quot;yes&quot;,&quot;background_slideshow_slide_transition&quot;:&quot;fade&quot;,&quot;background_slideshow_transition_duration&quot;:500,&quot;background_slideshow_ken_burns_zoom_direction&quot;:&quot;in&quot;}\">\n\t\t\t\t\t<div class=\"e-con-inner\">\n\t\t\t\t<div class=\"elementor-shape elementor-shape-top\" aria-hidden=\"true\" data-negative=\"false\">\n\t\t\t<svg xmlns=\"http:\/\/www.w3.org\/2000\/svg\" viewBox=\"0 0 1000 100\" preserveAspectRatio=\"none\">\n\t<path class=\"elementor-shape-fill\" opacity=\"0.33\" d=\"M473,67.3c-203.9,88.3-263.1-34-320.3,0C66,119.1,0,59.7,0,59.7V0h1000v59.7 c0,0-62.1,26.1-94.9,29.3c-32.8,3.3-62.8-12.3-75.8-22.1C806,49.6,745.3,8.7,694.9,4.7S492.4,59,473,67.3z\"\/>\n\t<path class=\"elementor-shape-fill\" opacity=\"0.66\" d=\"M734,67.3c-45.5,0-77.2-23.2-129.1-39.1c-28.6-8.7-150.3-10.1-254,39.1 s-91.7-34.4-149.2,0C115.7,118.3,0,39.8,0,39.8V0h1000v36.5c0,0-28.2-18.5-92.1-18.5C810.2,18.1,775.7,67.3,734,67.3z\"\/>\n\t<path class=\"elementor-shape-fill\" d=\"M766.1,28.9c-200-57.5-266,65.5-395.1,19.5C242,1.8,242,5.4,184.8,20.6C128,35.8,132.3,44.9,89.9,52.5C28.6,63.7,0,0,0,0 h1000c0,0-9.9,40.9-83.6,48.1S829.6,47,766.1,28.9z\"\/>\n<\/svg>\t\t<\/div>\n\t\t\t\t<div class=\"elementor-element elementor-element-e350ff1 elementor-widget elementor-widget-heading\" data-id=\"e350ff1\" data-element_type=\"widget\" data-e-type=\"widget\" data-widget_type=\"heading.default\">\n\t\t\t\t<div class=\"elementor-widget-container\">\n\t\t\t\t\t<h2 class=\"elementor-heading-title elementor-size-default\">Tischreservierung &amp; Pension:<\/h2>\t\t\t\t<\/div>\n\t\t\t\t<\/div>\n\t\t\t\t<div class=\"elementor-element elementor-element-912e253 elementor-widget elementor-widget-heading\" data-id=\"912e253\" data-element_type=\"widget\" data-e-type=\"widget\" data-widget_type=\"heading.default\">\n\t\t\t\t<div class=\"elementor-widget-container\">\n\t\t\t\t\t<h1 class=\"elementor-heading-title elementor-size-default\"><a href=\"tel:+4935478181907\" title=\"jetzt anrufen und Tisch reservieren\">035478 181907<\/a><\/h1>\t\t\t\t<\/div>\n\t\t\t\t<\/div>\n\t\t\t\t\t<\/div>\n\t\t\t\t<\/div>\n\t\t<div class=\"elementor-element elementor-element-9ef3ffd e-flex e-con-boxed e-con e-parent\" data-id=\"9ef3ffd\" data-element_type=\"container\" data-e-type=\"container\" data-settings=\"{&quot;background_background&quot;:&quot;classic&quot;}\">\n\t\t\t\t\t<div class=\"e-con-inner\">\n\t\t\t\t<div class=\"elementor-element elementor-element-70f4e60 elementor-widget__width-initial elementor-widget-widescreen__width-initial elementor-widget-mobile__width-inherit elementor-widget elementor-widget-text-editor\" data-id=\"70f4e60\" data-element_type=\"widget\" data-e-type=\"widget\" data-widget_type=\"text-editor.default\">\n\t\t\t\t<div class=\"elementor-widget-container\">\n\t\t\t\t\t\t\t\t\t<h2><strong>Unsere \u00d6ffnungszeiten<\/strong><\/h2><p>Montag: Ruhetag<br \/>Dienstag &#8211; Sonntag: 12:00 Uhr bis 23:00 Uhr<\/p>\t\t\t\t\t\t\t\t<\/div>\n\t\t\t\t<\/div>\n\t\t\t\t\t<\/div>\n\t\t\t\t<\/div>\n\t\t<div data-dce-background-overlay-color=\"#000000\" data-dce-background-image-url=\"https:\/\/www.gasthaus-hafenterrasse.de\/wp-content\/uploads\/2024\/08\/20240830_172005-2048x1536.jpg\" class=\"elementor-element elementor-element-d58917e e-flex e-con-boxed e-con e-parent\" data-id=\"d58917e\" data-element_type=\"container\" data-e-type=\"container\" id=\"speisekarte\" data-settings=\"{&quot;background_background&quot;:&quot;classic&quot;,&quot;shape_divider_top&quot;:&quot;mountains&quot;}\">\n\t\t\t\t\t<div class=\"e-con-inner\">\n\t\t\t\t<div class=\"elementor-shape elementor-shape-top\" aria-hidden=\"true\" data-negative=\"false\">\n\t\t\t<svg xmlns=\"http:\/\/www.w3.org\/2000\/svg\" viewBox=\"0 0 1000 100\" preserveAspectRatio=\"none\">\n\t<path class=\"elementor-shape-fill\" opacity=\"0.33\" d=\"M473,67.3c-203.9,88.3-263.1-34-320.3,0C66,119.1,0,59.7,0,59.7V0h1000v59.7 c0,0-62.1,26.1-94.9,29.3c-32.8,3.3-62.8-12.3-75.8-22.1C806,49.6,745.3,8.7,694.9,4.7S492.4,59,473,67.3z\"\/>\n\t<path class=\"elementor-shape-fill\" opacity=\"0.66\" d=\"M734,67.3c-45.5,0-77.2-23.2-129.1-39.1c-28.6-8.7-150.3-10.1-254,39.1 s-91.7-34.4-149.2,0C115.7,118.3,0,39.8,0,39.8V0h1000v36.5c0,0-28.2-18.5-92.1-18.5C810.2,18.1,775.7,67.3,734,67.3z\"\/>\n\t<path class=\"elementor-shape-fill\" d=\"M766.1,28.9c-200-57.5-266,65.5-395.1,19.5C242,1.8,242,5.4,184.8,20.6C128,35.8,132.3,44.9,89.9,52.5C28.6,63.7,0,0,0,0 h1000c0,0-9.9,40.9-83.6,48.1S829.6,47,766.1,28.9z\"\/>\n<\/svg>\t\t<\/div>\n\t\t<div class=\"elementor-element elementor-element-f870361 e-con-full e-flex e-con e-child\" data-id=\"f870361\" data-element_type=\"container\" data-e-type=\"container\" data-settings=\"{&quot;enabled_visibility&quot;:&quot;yes&quot;,&quot;dce_visibility_selected&quot;:&quot;yes&quot;}\">\n\t\t\t\t<div class=\"elementor-element elementor-element-7f90541 elementor-widget elementor-widget-heading\" data-id=\"7f90541\" data-element_type=\"widget\" data-e-type=\"widget\" data-widget_type=\"heading.default\">\n\t\t\t\t<div class=\"elementor-widget-container\">\n\t\t\t\t\t<h2 class=\"elementor-heading-title elementor-size-default\">Unser Angebot zum Muttertag<\/h2>\t\t\t\t<\/div>\n\t\t\t\t<\/div>\n\t\t\t\t<div class=\"elementor-element elementor-element-166284f dce_masking-none elementor-widget elementor-widget-image\" data-id=\"166284f\" data-element_type=\"widget\" data-e-type=\"widget\" data-widget_type=\"image.default\">\n\t\t\t\t<div class=\"elementor-widget-container\">\n\t\t\t\t\t\t\t\t\t\t\t\t\t\t\t\t<a href=\"https:\/\/www.gasthaus-hafenterrasse.de\/wp-content\/uploads\/2026\/04\/Unser-Angebot-zum-Muttertag.jpg\" data-elementor-open-lightbox=\"yes\" data-elementor-lightbox-title=\"Unser Angebot zum Muttertag\" data-elementor-lightbox-description=\"Unser Angebot zum Muttertag\" data-e-action-hash=\"#elementor-action%3Aaction%3Dlightbox%26settings%3DeyJpZCI6NTQ5LCJ1cmwiOiJodHRwczpcL1wvd3d3Lmdhc3RoYXVzLWhhZmVudGVycmFzc2UuZGVcL3dwLWNvbnRlbnRcL3VwbG9hZHNcLzIwMjZcLzA0XC9VbnNlci1BbmdlYm90LXp1bS1NdXR0ZXJ0YWcuanBnIn0%3D\">\n\t\t\t\t\t\t\t<img fetchpriority=\"high\" decoding=\"async\" width=\"1086\" height=\"1536\" src=\"https:\/\/www.gasthaus-hafenterrasse.de\/wp-content\/uploads\/2026\/04\/Unser-Angebot-zum-Muttertag-1086x1536.jpg\" class=\"elementor-animation-shrink attachment-1536x1536 size-1536x1536 wp-image-549\" alt=\"Unser Angebot zum Muttertag\" srcset=\"https:\/\/www.gasthaus-hafenterrasse.de\/wp-content\/uploads\/2026\/04\/Unser-Angebot-zum-Muttertag-1086x1536.jpg 1086w, https:\/\/www.gasthaus-hafenterrasse.de\/wp-content\/uploads\/2026\/04\/Unser-Angebot-zum-Muttertag-212x300.jpg 212w, https:\/\/www.gasthaus-hafenterrasse.de\/wp-content\/uploads\/2026\/04\/Unser-Angebot-zum-Muttertag-724x1024.jpg 724w, https:\/\/www.gasthaus-hafenterrasse.de\/wp-content\/uploads\/2026\/04\/Unser-Angebot-zum-Muttertag-768x1086.jpg 768w, https:\/\/www.gasthaus-hafenterrasse.de\/wp-content\/uploads\/2026\/04\/Unser-Angebot-zum-Muttertag-1448x2048.jpg 1448w, https:\/\/www.gasthaus-hafenterrasse.de\/wp-content\/uploads\/2026\/04\/Unser-Angebot-zum-Muttertag.jpg 1655w\" sizes=\"(max-width: 1086px) 100vw, 1086px\" \/>\t\t\t\t\t\t\t\t<\/a>\n\t\t\t\t\t\t\t\t\t\t\t\t\t\t\t<\/div>\n\t\t\t\t<\/div>\n\t\t\t\t<\/div>\n\t\t\t\t<div class=\"elementor-element elementor-element-185afd2 elementor-widget elementor-widget-heading\" data-id=\"185afd2\" data-element_type=\"widget\" data-e-type=\"widget\" data-widget_type=\"heading.default\">\n\t\t\t\t<div class=\"elementor-widget-container\">\n\t\t\t\t\t<h2 class=\"elementor-heading-title elementor-size-default\">Unsere Speisekarte<\/h2>\t\t\t\t<\/div>\n\t\t\t\t<\/div>\n\t\t\t\t<div class=\"elementor-element elementor-element-32de71d elementor-widget elementor-widget-text-editor\" data-id=\"32de71d\" data-element_type=\"widget\" data-e-type=\"widget\" data-widget_type=\"text-editor.default\">\n\t\t\t\t<div class=\"elementor-widget-container\">\n\t\t\t\t\t\t\t\t\t<p>Alle Preise in Euro inkl. 19% MwSt.<\/p>\t\t\t\t\t\t\t\t<\/div>\n\t\t\t\t<\/div>\n\t\t\t\t<div class=\"elementor-element elementor-element-ac2a65d gallery-spacing-custom elementor-widget elementor-widget-image-gallery\" data-id=\"ac2a65d\" data-element_type=\"widget\" data-e-type=\"widget\" data-widget_type=\"image-gallery.default\">\n\t\t\t\t<div class=\"elementor-widget-container\">\n\t\t\t\t\t\t\t<div class=\"elementor-image-gallery\">\n\t\t\t<div id='gallery-1' class='gallery galleryid-2 gallery-columns-3 gallery-size-medium'><figure class='gallery-item'>\n\t\t\t<div class='gallery-icon portrait'>\n\t\t\t\t<a data-elementor-open-lightbox=\"yes\" data-elementor-lightbox-slideshow=\"ac2a65d\" data-elementor-lightbox-title=\"_storage_emulated_0_Android_data_com.adobe.reader_files_Pictures_Adobe Acrobat Exports_Speisekarte 2. \u00c4nderung - 16.06.2025_4\" data-e-action-hash=\"#elementor-action%3Aaction%3Dlightbox%26settings%3DeyJpZCI6Mzg2LCJ1cmwiOiJodHRwczpcL1wvd3d3Lmdhc3RoYXVzLWhhZmVudGVycmFzc2UuZGVcL3dwLWNvbnRlbnRcL3VwbG9hZHNcLzIwMjVcLzA3XC9zdG9yYWdlX2VtdWxhdGVkXzBfQW5kcm9pZF9kYXRhX2NvbS5hZG9iZV8ucmVhZGVyX2ZpbGVzX1BpY3R1cmVzX0Fkb2JlLUFjcm9iYXQtRXhwb3J0c19TcGVpc2VrYXJ0ZS0yLi1BZW5kZXJ1bmctMTYuMDYuMjAyNV80LmpwZyIsInNsaWRlc2hvdyI6ImFjMmE2NWQifQ%3D%3D\" href='https:\/\/www.gasthaus-hafenterrasse.de\/wp-content\/uploads\/2025\/07\/storage_emulated_0_Android_data_com.adobe_.reader_files_Pictures_Adobe-Acrobat-Exports_Speisekarte-2.-Aenderung-16.06.2025_4.jpg'><img decoding=\"async\" width=\"212\" height=\"300\" src=\"https:\/\/www.gasthaus-hafenterrasse.de\/wp-content\/uploads\/2025\/07\/storage_emulated_0_Android_data_com.adobe_.reader_files_Pictures_Adobe-Acrobat-Exports_Speisekarte-2.-Aenderung-16.06.2025_4-212x300.jpg\" class=\"attachment-medium size-medium\" alt=\"\" aria-describedby=\"gallery-1-386\" srcset=\"https:\/\/www.gasthaus-hafenterrasse.de\/wp-content\/uploads\/2025\/07\/storage_emulated_0_Android_data_com.adobe_.reader_files_Pictures_Adobe-Acrobat-Exports_Speisekarte-2.-Aenderung-16.06.2025_4-212x300.jpg 212w, https:\/\/www.gasthaus-hafenterrasse.de\/wp-content\/uploads\/2025\/07\/storage_emulated_0_Android_data_com.adobe_.reader_files_Pictures_Adobe-Acrobat-Exports_Speisekarte-2.-Aenderung-16.06.2025_4-724x1024.jpg 724w, https:\/\/www.gasthaus-hafenterrasse.de\/wp-content\/uploads\/2025\/07\/storage_emulated_0_Android_data_com.adobe_.reader_files_Pictures_Adobe-Acrobat-Exports_Speisekarte-2.-Aenderung-16.06.2025_4-768x1086.jpg 768w, https:\/\/www.gasthaus-hafenterrasse.de\/wp-content\/uploads\/2025\/07\/storage_emulated_0_Android_data_com.adobe_.reader_files_Pictures_Adobe-Acrobat-Exports_Speisekarte-2.-Aenderung-16.06.2025_4-1086x1536.jpg 1086w, https:\/\/www.gasthaus-hafenterrasse.de\/wp-content\/uploads\/2025\/07\/storage_emulated_0_Android_data_com.adobe_.reader_files_Pictures_Adobe-Acrobat-Exports_Speisekarte-2.-Aenderung-16.06.2025_4-1448x2048.jpg 1448w, https:\/\/www.gasthaus-hafenterrasse.de\/wp-content\/uploads\/2025\/07\/storage_emulated_0_Android_data_com.adobe_.reader_files_Pictures_Adobe-Acrobat-Exports_Speisekarte-2.-Aenderung-16.06.2025_4.jpg 1655w\" sizes=\"(max-width: 212px) 100vw, 212px\" \/><\/a>\n\t\t\t<\/div>\n\t\t\t\t<figcaption class='wp-caption-text gallery-caption' id='gallery-1-386'>\n\t\t\t\tS2\n\t\t\t\t<\/figcaption><\/figure><figure class='gallery-item'>\n\t\t\t<div class='gallery-icon portrait'>\n\t\t\t\t<a data-elementor-open-lightbox=\"yes\" data-elementor-lightbox-slideshow=\"ac2a65d\" data-elementor-lightbox-title=\"_storage_emulated_0_Android_data_com.adobe.reader_files_Pictures_Adobe Acrobat Exports_Speisekarte 2. \u00c4nderung - 16.06.2025_0\" data-e-action-hash=\"#elementor-action%3Aaction%3Dlightbox%26settings%3DeyJpZCI6Mzg3LCJ1cmwiOiJodHRwczpcL1wvd3d3Lmdhc3RoYXVzLWhhZmVudGVycmFzc2UuZGVcL3dwLWNvbnRlbnRcL3VwbG9hZHNcLzIwMjVcLzA3XC9zdG9yYWdlX2VtdWxhdGVkXzBfQW5kcm9pZF9kYXRhX2NvbS5hZG9iZV8ucmVhZGVyX2ZpbGVzX1BpY3R1cmVzX0Fkb2JlLUFjcm9iYXQtRXhwb3J0c19TcGVpc2VrYXJ0ZS0yLi1BZW5kZXJ1bmctMTYuMDYuMjAyNV8wLmpwZyIsInNsaWRlc2hvdyI6ImFjMmE2NWQifQ%3D%3D\" href='https:\/\/www.gasthaus-hafenterrasse.de\/wp-content\/uploads\/2025\/07\/storage_emulated_0_Android_data_com.adobe_.reader_files_Pictures_Adobe-Acrobat-Exports_Speisekarte-2.-Aenderung-16.06.2025_0.jpg'><img decoding=\"async\" width=\"212\" height=\"300\" src=\"https:\/\/www.gasthaus-hafenterrasse.de\/wp-content\/uploads\/2025\/07\/storage_emulated_0_Android_data_com.adobe_.reader_files_Pictures_Adobe-Acrobat-Exports_Speisekarte-2.-Aenderung-16.06.2025_0-212x300.jpg\" class=\"attachment-medium size-medium\" alt=\"\" srcset=\"https:\/\/www.gasthaus-hafenterrasse.de\/wp-content\/uploads\/2025\/07\/storage_emulated_0_Android_data_com.adobe_.reader_files_Pictures_Adobe-Acrobat-Exports_Speisekarte-2.-Aenderung-16.06.2025_0-212x300.jpg 212w, https:\/\/www.gasthaus-hafenterrasse.de\/wp-content\/uploads\/2025\/07\/storage_emulated_0_Android_data_com.adobe_.reader_files_Pictures_Adobe-Acrobat-Exports_Speisekarte-2.-Aenderung-16.06.2025_0-724x1024.jpg 724w, https:\/\/www.gasthaus-hafenterrasse.de\/wp-content\/uploads\/2025\/07\/storage_emulated_0_Android_data_com.adobe_.reader_files_Pictures_Adobe-Acrobat-Exports_Speisekarte-2.-Aenderung-16.06.2025_0-768x1086.jpg 768w, https:\/\/www.gasthaus-hafenterrasse.de\/wp-content\/uploads\/2025\/07\/storage_emulated_0_Android_data_com.adobe_.reader_files_Pictures_Adobe-Acrobat-Exports_Speisekarte-2.-Aenderung-16.06.2025_0-1086x1536.jpg 1086w, https:\/\/www.gasthaus-hafenterrasse.de\/wp-content\/uploads\/2025\/07\/storage_emulated_0_Android_data_com.adobe_.reader_files_Pictures_Adobe-Acrobat-Exports_Speisekarte-2.-Aenderung-16.06.2025_0-1448x2048.jpg 1448w, https:\/\/www.gasthaus-hafenterrasse.de\/wp-content\/uploads\/2025\/07\/storage_emulated_0_Android_data_com.adobe_.reader_files_Pictures_Adobe-Acrobat-Exports_Speisekarte-2.-Aenderung-16.06.2025_0.jpg 1655w\" sizes=\"(max-width: 212px) 100vw, 212px\" \/><\/a>\n\t\t\t<\/div><\/figure><figure class='gallery-item'>\n\t\t\t<div class='gallery-icon portrait'>\n\t\t\t\t<a data-elementor-open-lightbox=\"yes\" data-elementor-lightbox-slideshow=\"ac2a65d\" data-elementor-lightbox-title=\"_storage_emulated_0_Android_data_com.adobe.reader_files_Pictures_Adobe Acrobat Exports_Speisekarte 2. \u00c4nderung - 16.06.2025_1\" data-e-action-hash=\"#elementor-action%3Aaction%3Dlightbox%26settings%3DeyJpZCI6Mzg4LCJ1cmwiOiJodHRwczpcL1wvd3d3Lmdhc3RoYXVzLWhhZmVudGVycmFzc2UuZGVcL3dwLWNvbnRlbnRcL3VwbG9hZHNcLzIwMjVcLzA3XC9zdG9yYWdlX2VtdWxhdGVkXzBfQW5kcm9pZF9kYXRhX2NvbS5hZG9iZV8ucmVhZGVyX2ZpbGVzX1BpY3R1cmVzX0Fkb2JlLUFjcm9iYXQtRXhwb3J0c19TcGVpc2VrYXJ0ZS0yLi1BZW5kZXJ1bmctMTYuMDYuMjAyNV8xLmpwZyIsInNsaWRlc2hvdyI6ImFjMmE2NWQifQ%3D%3D\" href='https:\/\/www.gasthaus-hafenterrasse.de\/wp-content\/uploads\/2025\/07\/storage_emulated_0_Android_data_com.adobe_.reader_files_Pictures_Adobe-Acrobat-Exports_Speisekarte-2.-Aenderung-16.06.2025_1.jpg'><img loading=\"lazy\" decoding=\"async\" width=\"212\" height=\"300\" src=\"https:\/\/www.gasthaus-hafenterrasse.de\/wp-content\/uploads\/2025\/07\/storage_emulated_0_Android_data_com.adobe_.reader_files_Pictures_Adobe-Acrobat-Exports_Speisekarte-2.-Aenderung-16.06.2025_1-212x300.jpg\" class=\"attachment-medium size-medium\" alt=\"\" srcset=\"https:\/\/www.gasthaus-hafenterrasse.de\/wp-content\/uploads\/2025\/07\/storage_emulated_0_Android_data_com.adobe_.reader_files_Pictures_Adobe-Acrobat-Exports_Speisekarte-2.-Aenderung-16.06.2025_1-212x300.jpg 212w, https:\/\/www.gasthaus-hafenterrasse.de\/wp-content\/uploads\/2025\/07\/storage_emulated_0_Android_data_com.adobe_.reader_files_Pictures_Adobe-Acrobat-Exports_Speisekarte-2.-Aenderung-16.06.2025_1-724x1024.jpg 724w, https:\/\/www.gasthaus-hafenterrasse.de\/wp-content\/uploads\/2025\/07\/storage_emulated_0_Android_data_com.adobe_.reader_files_Pictures_Adobe-Acrobat-Exports_Speisekarte-2.-Aenderung-16.06.2025_1-768x1086.jpg 768w, https:\/\/www.gasthaus-hafenterrasse.de\/wp-content\/uploads\/2025\/07\/storage_emulated_0_Android_data_com.adobe_.reader_files_Pictures_Adobe-Acrobat-Exports_Speisekarte-2.-Aenderung-16.06.2025_1-1086x1536.jpg 1086w, https:\/\/www.gasthaus-hafenterrasse.de\/wp-content\/uploads\/2025\/07\/storage_emulated_0_Android_data_com.adobe_.reader_files_Pictures_Adobe-Acrobat-Exports_Speisekarte-2.-Aenderung-16.06.2025_1-1448x2048.jpg 1448w, https:\/\/www.gasthaus-hafenterrasse.de\/wp-content\/uploads\/2025\/07\/storage_emulated_0_Android_data_com.adobe_.reader_files_Pictures_Adobe-Acrobat-Exports_Speisekarte-2.-Aenderung-16.06.2025_1.jpg 1655w\" sizes=\"(max-width: 212px) 100vw, 212px\" \/><\/a>\n\t\t\t<\/div><\/figure><figure class='gallery-item'>\n\t\t\t<div class='gallery-icon portrait'>\n\t\t\t\t<a data-elementor-open-lightbox=\"yes\" data-elementor-lightbox-slideshow=\"ac2a65d\" data-elementor-lightbox-title=\"_storage_emulated_0_Android_data_com.adobe.reader_files_Pictures_Adobe Acrobat Exports_Speisekarte 2. \u00c4nderung - 16.06.2025_2\" data-e-action-hash=\"#elementor-action%3Aaction%3Dlightbox%26settings%3DeyJpZCI6Mzg5LCJ1cmwiOiJodHRwczpcL1wvd3d3Lmdhc3RoYXVzLWhhZmVudGVycmFzc2UuZGVcL3dwLWNvbnRlbnRcL3VwbG9hZHNcLzIwMjVcLzA3XC9zdG9yYWdlX2VtdWxhdGVkXzBfQW5kcm9pZF9kYXRhX2NvbS5hZG9iZV8ucmVhZGVyX2ZpbGVzX1BpY3R1cmVzX0Fkb2JlLUFjcm9iYXQtRXhwb3J0c19TcGVpc2VrYXJ0ZS0yLi1BZW5kZXJ1bmctMTYuMDYuMjAyNV8yLmpwZyIsInNsaWRlc2hvdyI6ImFjMmE2NWQifQ%3D%3D\" href='https:\/\/www.gasthaus-hafenterrasse.de\/wp-content\/uploads\/2025\/07\/storage_emulated_0_Android_data_com.adobe_.reader_files_Pictures_Adobe-Acrobat-Exports_Speisekarte-2.-Aenderung-16.06.2025_2.jpg'><img loading=\"lazy\" decoding=\"async\" width=\"212\" height=\"300\" src=\"https:\/\/www.gasthaus-hafenterrasse.de\/wp-content\/uploads\/2025\/07\/storage_emulated_0_Android_data_com.adobe_.reader_files_Pictures_Adobe-Acrobat-Exports_Speisekarte-2.-Aenderung-16.06.2025_2-212x300.jpg\" class=\"attachment-medium size-medium\" alt=\"\" srcset=\"https:\/\/www.gasthaus-hafenterrasse.de\/wp-content\/uploads\/2025\/07\/storage_emulated_0_Android_data_com.adobe_.reader_files_Pictures_Adobe-Acrobat-Exports_Speisekarte-2.-Aenderung-16.06.2025_2-212x300.jpg 212w, https:\/\/www.gasthaus-hafenterrasse.de\/wp-content\/uploads\/2025\/07\/storage_emulated_0_Android_data_com.adobe_.reader_files_Pictures_Adobe-Acrobat-Exports_Speisekarte-2.-Aenderung-16.06.2025_2-724x1024.jpg 724w, https:\/\/www.gasthaus-hafenterrasse.de\/wp-content\/uploads\/2025\/07\/storage_emulated_0_Android_data_com.adobe_.reader_files_Pictures_Adobe-Acrobat-Exports_Speisekarte-2.-Aenderung-16.06.2025_2-768x1086.jpg 768w, https:\/\/www.gasthaus-hafenterrasse.de\/wp-content\/uploads\/2025\/07\/storage_emulated_0_Android_data_com.adobe_.reader_files_Pictures_Adobe-Acrobat-Exports_Speisekarte-2.-Aenderung-16.06.2025_2-1086x1536.jpg 1086w, https:\/\/www.gasthaus-hafenterrasse.de\/wp-content\/uploads\/2025\/07\/storage_emulated_0_Android_data_com.adobe_.reader_files_Pictures_Adobe-Acrobat-Exports_Speisekarte-2.-Aenderung-16.06.2025_2-1448x2048.jpg 1448w, https:\/\/www.gasthaus-hafenterrasse.de\/wp-content\/uploads\/2025\/07\/storage_emulated_0_Android_data_com.adobe_.reader_files_Pictures_Adobe-Acrobat-Exports_Speisekarte-2.-Aenderung-16.06.2025_2.jpg 1655w\" sizes=\"(max-width: 212px) 100vw, 212px\" \/><\/a>\n\t\t\t<\/div><\/figure><figure class='gallery-item'>\n\t\t\t<div class='gallery-icon portrait'>\n\t\t\t\t<a data-elementor-open-lightbox=\"yes\" data-elementor-lightbox-slideshow=\"ac2a65d\" data-elementor-lightbox-title=\"_storage_emulated_0_Android_data_com.adobe.reader_files_Pictures_Adobe Acrobat Exports_Speisekarte 2. \u00c4nderung - 16.06.2025_3\" data-e-action-hash=\"#elementor-action%3Aaction%3Dlightbox%26settings%3DeyJpZCI6MzkwLCJ1cmwiOiJodHRwczpcL1wvd3d3Lmdhc3RoYXVzLWhhZmVudGVycmFzc2UuZGVcL3dwLWNvbnRlbnRcL3VwbG9hZHNcLzIwMjVcLzA3XC9zdG9yYWdlX2VtdWxhdGVkXzBfQW5kcm9pZF9kYXRhX2NvbS5hZG9iZV8ucmVhZGVyX2ZpbGVzX1BpY3R1cmVzX0Fkb2JlLUFjcm9iYXQtRXhwb3J0c19TcGVpc2VrYXJ0ZS0yLi1BZW5kZXJ1bmctMTYuMDYuMjAyNV8zLmpwZyIsInNsaWRlc2hvdyI6ImFjMmE2NWQifQ%3D%3D\" href='https:\/\/www.gasthaus-hafenterrasse.de\/wp-content\/uploads\/2025\/07\/storage_emulated_0_Android_data_com.adobe_.reader_files_Pictures_Adobe-Acrobat-Exports_Speisekarte-2.-Aenderung-16.06.2025_3.jpg'><img loading=\"lazy\" decoding=\"async\" width=\"212\" height=\"300\" src=\"https:\/\/www.gasthaus-hafenterrasse.de\/wp-content\/uploads\/2025\/07\/storage_emulated_0_Android_data_com.adobe_.reader_files_Pictures_Adobe-Acrobat-Exports_Speisekarte-2.-Aenderung-16.06.2025_3-212x300.jpg\" class=\"attachment-medium size-medium\" alt=\"\" srcset=\"https:\/\/www.gasthaus-hafenterrasse.de\/wp-content\/uploads\/2025\/07\/storage_emulated_0_Android_data_com.adobe_.reader_files_Pictures_Adobe-Acrobat-Exports_Speisekarte-2.-Aenderung-16.06.2025_3-212x300.jpg 212w, https:\/\/www.gasthaus-hafenterrasse.de\/wp-content\/uploads\/2025\/07\/storage_emulated_0_Android_data_com.adobe_.reader_files_Pictures_Adobe-Acrobat-Exports_Speisekarte-2.-Aenderung-16.06.2025_3-724x1024.jpg 724w, https:\/\/www.gasthaus-hafenterrasse.de\/wp-content\/uploads\/2025\/07\/storage_emulated_0_Android_data_com.adobe_.reader_files_Pictures_Adobe-Acrobat-Exports_Speisekarte-2.-Aenderung-16.06.2025_3-768x1086.jpg 768w, https:\/\/www.gasthaus-hafenterrasse.de\/wp-content\/uploads\/2025\/07\/storage_emulated_0_Android_data_com.adobe_.reader_files_Pictures_Adobe-Acrobat-Exports_Speisekarte-2.-Aenderung-16.06.2025_3-1086x1536.jpg 1086w, https:\/\/www.gasthaus-hafenterrasse.de\/wp-content\/uploads\/2025\/07\/storage_emulated_0_Android_data_com.adobe_.reader_files_Pictures_Adobe-Acrobat-Exports_Speisekarte-2.-Aenderung-16.06.2025_3-1448x2048.jpg 1448w, https:\/\/www.gasthaus-hafenterrasse.de\/wp-content\/uploads\/2025\/07\/storage_emulated_0_Android_data_com.adobe_.reader_files_Pictures_Adobe-Acrobat-Exports_Speisekarte-2.-Aenderung-16.06.2025_3.jpg 1655w\" sizes=\"(max-width: 212px) 100vw, 212px\" \/><\/a>\n\t\t\t<\/div><\/figure><figure class='gallery-item'>\n\t\t\t<div class='gallery-icon portrait'>\n\t\t\t\t<a data-elementor-open-lightbox=\"yes\" data-elementor-lightbox-slideshow=\"ac2a65d\" data-elementor-lightbox-title=\"_storage_emulated_0_Android_data_com.adobe.reader_files_Pictures_Adobe Acrobat Exports_Speisekarte 2. \u00c4nderung - 16.06.2025_4\" data-e-action-hash=\"#elementor-action%3Aaction%3Dlightbox%26settings%3DeyJpZCI6MzkxLCJ1cmwiOiJodHRwczpcL1wvd3d3Lmdhc3RoYXVzLWhhZmVudGVycmFzc2UuZGVcL3dwLWNvbnRlbnRcL3VwbG9hZHNcLzIwMjVcLzA3XC9zdG9yYWdlX2VtdWxhdGVkXzBfQW5kcm9pZF9kYXRhX2NvbS5hZG9iZV8ucmVhZGVyX2ZpbGVzX1BpY3R1cmVzX0Fkb2JlLUFjcm9iYXQtRXhwb3J0c19TcGVpc2VrYXJ0ZS0yLi1BZW5kZXJ1bmctMTYuMDYuMjAyNV80LTEuanBnIiwic2xpZGVzaG93IjoiYWMyYTY1ZCJ9\" href='https:\/\/www.gasthaus-hafenterrasse.de\/wp-content\/uploads\/2025\/07\/storage_emulated_0_Android_data_com.adobe_.reader_files_Pictures_Adobe-Acrobat-Exports_Speisekarte-2.-Aenderung-16.06.2025_4-1.jpg'><img loading=\"lazy\" decoding=\"async\" width=\"212\" height=\"300\" src=\"https:\/\/www.gasthaus-hafenterrasse.de\/wp-content\/uploads\/2025\/07\/storage_emulated_0_Android_data_com.adobe_.reader_files_Pictures_Adobe-Acrobat-Exports_Speisekarte-2.-Aenderung-16.06.2025_4-1-212x300.jpg\" class=\"attachment-medium size-medium\" alt=\"\" srcset=\"https:\/\/www.gasthaus-hafenterrasse.de\/wp-content\/uploads\/2025\/07\/storage_emulated_0_Android_data_com.adobe_.reader_files_Pictures_Adobe-Acrobat-Exports_Speisekarte-2.-Aenderung-16.06.2025_4-1-212x300.jpg 212w, https:\/\/www.gasthaus-hafenterrasse.de\/wp-content\/uploads\/2025\/07\/storage_emulated_0_Android_data_com.adobe_.reader_files_Pictures_Adobe-Acrobat-Exports_Speisekarte-2.-Aenderung-16.06.2025_4-1-724x1024.jpg 724w, https:\/\/www.gasthaus-hafenterrasse.de\/wp-content\/uploads\/2025\/07\/storage_emulated_0_Android_data_com.adobe_.reader_files_Pictures_Adobe-Acrobat-Exports_Speisekarte-2.-Aenderung-16.06.2025_4-1-768x1086.jpg 768w, https:\/\/www.gasthaus-hafenterrasse.de\/wp-content\/uploads\/2025\/07\/storage_emulated_0_Android_data_com.adobe_.reader_files_Pictures_Adobe-Acrobat-Exports_Speisekarte-2.-Aenderung-16.06.2025_4-1-1086x1536.jpg 1086w, https:\/\/www.gasthaus-hafenterrasse.de\/wp-content\/uploads\/2025\/07\/storage_emulated_0_Android_data_com.adobe_.reader_files_Pictures_Adobe-Acrobat-Exports_Speisekarte-2.-Aenderung-16.06.2025_4-1-1448x2048.jpg 1448w, https:\/\/www.gasthaus-hafenterrasse.de\/wp-content\/uploads\/2025\/07\/storage_emulated_0_Android_data_com.adobe_.reader_files_Pictures_Adobe-Acrobat-Exports_Speisekarte-2.-Aenderung-16.06.2025_4-1.jpg 1655w\" sizes=\"(max-width: 212px) 100vw, 212px\" \/><\/a>\n\t\t\t<\/div><\/figure><figure class='gallery-item'>\n\t\t\t<div class='gallery-icon portrait'>\n\t\t\t\t<a data-elementor-open-lightbox=\"yes\" data-elementor-lightbox-slideshow=\"ac2a65d\" data-elementor-lightbox-title=\"_storage_emulated_0_Android_data_com.adobe.reader_files_Pictures_Adobe Acrobat Exports_Speisekarte 2. \u00c4nderung - 16.06.2025_5\" data-e-action-hash=\"#elementor-action%3Aaction%3Dlightbox%26settings%3DeyJpZCI6MzkyLCJ1cmwiOiJodHRwczpcL1wvd3d3Lmdhc3RoYXVzLWhhZmVudGVycmFzc2UuZGVcL3dwLWNvbnRlbnRcL3VwbG9hZHNcLzIwMjVcLzA3XC9zdG9yYWdlX2VtdWxhdGVkXzBfQW5kcm9pZF9kYXRhX2NvbS5hZG9iZV8ucmVhZGVyX2ZpbGVzX1BpY3R1cmVzX0Fkb2JlLUFjcm9iYXQtRXhwb3J0c19TcGVpc2VrYXJ0ZS0yLi1BZW5kZXJ1bmctMTYuMDYuMjAyNV81LmpwZyIsInNsaWRlc2hvdyI6ImFjMmE2NWQifQ%3D%3D\" href='https:\/\/www.gasthaus-hafenterrasse.de\/wp-content\/uploads\/2025\/07\/storage_emulated_0_Android_data_com.adobe_.reader_files_Pictures_Adobe-Acrobat-Exports_Speisekarte-2.-Aenderung-16.06.2025_5.jpg'><img loading=\"lazy\" decoding=\"async\" width=\"212\" height=\"300\" src=\"https:\/\/www.gasthaus-hafenterrasse.de\/wp-content\/uploads\/2025\/07\/storage_emulated_0_Android_data_com.adobe_.reader_files_Pictures_Adobe-Acrobat-Exports_Speisekarte-2.-Aenderung-16.06.2025_5-212x300.jpg\" class=\"attachment-medium size-medium\" alt=\"\" srcset=\"https:\/\/www.gasthaus-hafenterrasse.de\/wp-content\/uploads\/2025\/07\/storage_emulated_0_Android_data_com.adobe_.reader_files_Pictures_Adobe-Acrobat-Exports_Speisekarte-2.-Aenderung-16.06.2025_5-212x300.jpg 212w, https:\/\/www.gasthaus-hafenterrasse.de\/wp-content\/uploads\/2025\/07\/storage_emulated_0_Android_data_com.adobe_.reader_files_Pictures_Adobe-Acrobat-Exports_Speisekarte-2.-Aenderung-16.06.2025_5-724x1024.jpg 724w, https:\/\/www.gasthaus-hafenterrasse.de\/wp-content\/uploads\/2025\/07\/storage_emulated_0_Android_data_com.adobe_.reader_files_Pictures_Adobe-Acrobat-Exports_Speisekarte-2.-Aenderung-16.06.2025_5-768x1086.jpg 768w, https:\/\/www.gasthaus-hafenterrasse.de\/wp-content\/uploads\/2025\/07\/storage_emulated_0_Android_data_com.adobe_.reader_files_Pictures_Adobe-Acrobat-Exports_Speisekarte-2.-Aenderung-16.06.2025_5-1086x1536.jpg 1086w, https:\/\/www.gasthaus-hafenterrasse.de\/wp-content\/uploads\/2025\/07\/storage_emulated_0_Android_data_com.adobe_.reader_files_Pictures_Adobe-Acrobat-Exports_Speisekarte-2.-Aenderung-16.06.2025_5-1448x2048.jpg 1448w, https:\/\/www.gasthaus-hafenterrasse.de\/wp-content\/uploads\/2025\/07\/storage_emulated_0_Android_data_com.adobe_.reader_files_Pictures_Adobe-Acrobat-Exports_Speisekarte-2.-Aenderung-16.06.2025_5.jpg 1655w\" sizes=\"(max-width: 212px) 100vw, 212px\" \/><\/a>\n\t\t\t<\/div><\/figure><figure class='gallery-item'>\n\t\t\t<div class='gallery-icon portrait'>\n\t\t\t\t<a data-elementor-open-lightbox=\"yes\" data-elementor-lightbox-slideshow=\"ac2a65d\" data-elementor-lightbox-title=\"_storage_emulated_0_Android_data_com.adobe.reader_files_Pictures_Adobe Acrobat Exports_Speisekarte 2. \u00c4nderung - 16.06.2025_7\" data-e-action-hash=\"#elementor-action%3Aaction%3Dlightbox%26settings%3DeyJpZCI6MzkzLCJ1cmwiOiJodHRwczpcL1wvd3d3Lmdhc3RoYXVzLWhhZmVudGVycmFzc2UuZGVcL3dwLWNvbnRlbnRcL3VwbG9hZHNcLzIwMjVcLzA3XC9zdG9yYWdlX2VtdWxhdGVkXzBfQW5kcm9pZF9kYXRhX2NvbS5hZG9iZV8ucmVhZGVyX2ZpbGVzX1BpY3R1cmVzX0Fkb2JlLUFjcm9iYXQtRXhwb3J0c19TcGVpc2VrYXJ0ZS0yLi1BZW5kZXJ1bmctMTYuMDYuMjAyNV83LmpwZyIsInNsaWRlc2hvdyI6ImFjMmE2NWQifQ%3D%3D\" href='https:\/\/www.gasthaus-hafenterrasse.de\/wp-content\/uploads\/2025\/07\/storage_emulated_0_Android_data_com.adobe_.reader_files_Pictures_Adobe-Acrobat-Exports_Speisekarte-2.-Aenderung-16.06.2025_7.jpg'><img loading=\"lazy\" decoding=\"async\" width=\"212\" height=\"300\" src=\"https:\/\/www.gasthaus-hafenterrasse.de\/wp-content\/uploads\/2025\/07\/storage_emulated_0_Android_data_com.adobe_.reader_files_Pictures_Adobe-Acrobat-Exports_Speisekarte-2.-Aenderung-16.06.2025_7-212x300.jpg\" class=\"attachment-medium size-medium\" alt=\"\" srcset=\"https:\/\/www.gasthaus-hafenterrasse.de\/wp-content\/uploads\/2025\/07\/storage_emulated_0_Android_data_com.adobe_.reader_files_Pictures_Adobe-Acrobat-Exports_Speisekarte-2.-Aenderung-16.06.2025_7-212x300.jpg 212w, https:\/\/www.gasthaus-hafenterrasse.de\/wp-content\/uploads\/2025\/07\/storage_emulated_0_Android_data_com.adobe_.reader_files_Pictures_Adobe-Acrobat-Exports_Speisekarte-2.-Aenderung-16.06.2025_7-724x1024.jpg 724w, https:\/\/www.gasthaus-hafenterrasse.de\/wp-content\/uploads\/2025\/07\/storage_emulated_0_Android_data_com.adobe_.reader_files_Pictures_Adobe-Acrobat-Exports_Speisekarte-2.-Aenderung-16.06.2025_7-768x1086.jpg 768w, https:\/\/www.gasthaus-hafenterrasse.de\/wp-content\/uploads\/2025\/07\/storage_emulated_0_Android_data_com.adobe_.reader_files_Pictures_Adobe-Acrobat-Exports_Speisekarte-2.-Aenderung-16.06.2025_7-1086x1536.jpg 1086w, https:\/\/www.gasthaus-hafenterrasse.de\/wp-content\/uploads\/2025\/07\/storage_emulated_0_Android_data_com.adobe_.reader_files_Pictures_Adobe-Acrobat-Exports_Speisekarte-2.-Aenderung-16.06.2025_7-1448x2048.jpg 1448w, https:\/\/www.gasthaus-hafenterrasse.de\/wp-content\/uploads\/2025\/07\/storage_emulated_0_Android_data_com.adobe_.reader_files_Pictures_Adobe-Acrobat-Exports_Speisekarte-2.-Aenderung-16.06.2025_7.jpg 1655w\" sizes=\"(max-width: 212px) 100vw, 212px\" \/><\/a>\n\t\t\t<\/div><\/figure><figure class='gallery-item'>\n\t\t\t<div class='gallery-icon portrait'>\n\t\t\t\t<a data-elementor-open-lightbox=\"yes\" data-elementor-lightbox-slideshow=\"ac2a65d\" data-elementor-lightbox-title=\"_storage_emulated_0_Android_data_com.adobe.reader_files_Pictures_Adobe Acrobat Exports_Speisekarte 2. \u00c4nderung - 16.06.2025_8\" data-e-action-hash=\"#elementor-action%3Aaction%3Dlightbox%26settings%3DeyJpZCI6Mzk0LCJ1cmwiOiJodHRwczpcL1wvd3d3Lmdhc3RoYXVzLWhhZmVudGVycmFzc2UuZGVcL3dwLWNvbnRlbnRcL3VwbG9hZHNcLzIwMjVcLzA3XC9zdG9yYWdlX2VtdWxhdGVkXzBfQW5kcm9pZF9kYXRhX2NvbS5hZG9iZV8ucmVhZGVyX2ZpbGVzX1BpY3R1cmVzX0Fkb2JlLUFjcm9iYXQtRXhwb3J0c19TcGVpc2VrYXJ0ZS0yLi1BZW5kZXJ1bmctMTYuMDYuMjAyNV84LmpwZyIsInNsaWRlc2hvdyI6ImFjMmE2NWQifQ%3D%3D\" href='https:\/\/www.gasthaus-hafenterrasse.de\/wp-content\/uploads\/2025\/07\/storage_emulated_0_Android_data_com.adobe_.reader_files_Pictures_Adobe-Acrobat-Exports_Speisekarte-2.-Aenderung-16.06.2025_8.jpg'><img loading=\"lazy\" decoding=\"async\" width=\"212\" height=\"300\" src=\"https:\/\/www.gasthaus-hafenterrasse.de\/wp-content\/uploads\/2025\/07\/storage_emulated_0_Android_data_com.adobe_.reader_files_Pictures_Adobe-Acrobat-Exports_Speisekarte-2.-Aenderung-16.06.2025_8-212x300.jpg\" class=\"attachment-medium size-medium\" alt=\"\" srcset=\"https:\/\/www.gasthaus-hafenterrasse.de\/wp-content\/uploads\/2025\/07\/storage_emulated_0_Android_data_com.adobe_.reader_files_Pictures_Adobe-Acrobat-Exports_Speisekarte-2.-Aenderung-16.06.2025_8-212x300.jpg 212w, https:\/\/www.gasthaus-hafenterrasse.de\/wp-content\/uploads\/2025\/07\/storage_emulated_0_Android_data_com.adobe_.reader_files_Pictures_Adobe-Acrobat-Exports_Speisekarte-2.-Aenderung-16.06.2025_8-724x1024.jpg 724w, https:\/\/www.gasthaus-hafenterrasse.de\/wp-content\/uploads\/2025\/07\/storage_emulated_0_Android_data_com.adobe_.reader_files_Pictures_Adobe-Acrobat-Exports_Speisekarte-2.-Aenderung-16.06.2025_8-768x1086.jpg 768w, https:\/\/www.gasthaus-hafenterrasse.de\/wp-content\/uploads\/2025\/07\/storage_emulated_0_Android_data_com.adobe_.reader_files_Pictures_Adobe-Acrobat-Exports_Speisekarte-2.-Aenderung-16.06.2025_8-1086x1536.jpg 1086w, https:\/\/www.gasthaus-hafenterrasse.de\/wp-content\/uploads\/2025\/07\/storage_emulated_0_Android_data_com.adobe_.reader_files_Pictures_Adobe-Acrobat-Exports_Speisekarte-2.-Aenderung-16.06.2025_8-1448x2048.jpg 1448w, https:\/\/www.gasthaus-hafenterrasse.de\/wp-content\/uploads\/2025\/07\/storage_emulated_0_Android_data_com.adobe_.reader_files_Pictures_Adobe-Acrobat-Exports_Speisekarte-2.-Aenderung-16.06.2025_8.jpg 1655w\" sizes=\"(max-width: 212px) 100vw, 212px\" \/><\/a>\n\t\t\t<\/div><\/figure><figure class='gallery-item'>\n\t\t\t<div class='gallery-icon portrait'>\n\t\t\t\t<a data-elementor-open-lightbox=\"yes\" data-elementor-lightbox-slideshow=\"ac2a65d\" data-elementor-lightbox-title=\"_storage_emulated_0_Android_data_com.adobe.reader_files_Pictures_Adobe Acrobat Exports_Speisekarte 2. \u00c4nderung - 16.06.2025_9\" data-e-action-hash=\"#elementor-action%3Aaction%3Dlightbox%26settings%3DeyJpZCI6Mzk1LCJ1cmwiOiJodHRwczpcL1wvd3d3Lmdhc3RoYXVzLWhhZmVudGVycmFzc2UuZGVcL3dwLWNvbnRlbnRcL3VwbG9hZHNcLzIwMjVcLzA3XC9zdG9yYWdlX2VtdWxhdGVkXzBfQW5kcm9pZF9kYXRhX2NvbS5hZG9iZV8ucmVhZGVyX2ZpbGVzX1BpY3R1cmVzX0Fkb2JlLUFjcm9iYXQtRXhwb3J0c19TcGVpc2VrYXJ0ZS0yLi1BZW5kZXJ1bmctMTYuMDYuMjAyNV85LmpwZyIsInNsaWRlc2hvdyI6ImFjMmE2NWQifQ%3D%3D\" href='https:\/\/www.gasthaus-hafenterrasse.de\/wp-content\/uploads\/2025\/07\/storage_emulated_0_Android_data_com.adobe_.reader_files_Pictures_Adobe-Acrobat-Exports_Speisekarte-2.-Aenderung-16.06.2025_9.jpg'><img loading=\"lazy\" decoding=\"async\" width=\"212\" height=\"300\" src=\"https:\/\/www.gasthaus-hafenterrasse.de\/wp-content\/uploads\/2025\/07\/storage_emulated_0_Android_data_com.adobe_.reader_files_Pictures_Adobe-Acrobat-Exports_Speisekarte-2.-Aenderung-16.06.2025_9-212x300.jpg\" class=\"attachment-medium size-medium\" alt=\"\" aria-describedby=\"gallery-1-395\" srcset=\"https:\/\/www.gasthaus-hafenterrasse.de\/wp-content\/uploads\/2025\/07\/storage_emulated_0_Android_data_com.adobe_.reader_files_Pictures_Adobe-Acrobat-Exports_Speisekarte-2.-Aenderung-16.06.2025_9-212x300.jpg 212w, https:\/\/www.gasthaus-hafenterrasse.de\/wp-content\/uploads\/2025\/07\/storage_emulated_0_Android_data_com.adobe_.reader_files_Pictures_Adobe-Acrobat-Exports_Speisekarte-2.-Aenderung-16.06.2025_9-724x1024.jpg 724w, https:\/\/www.gasthaus-hafenterrasse.de\/wp-content\/uploads\/2025\/07\/storage_emulated_0_Android_data_com.adobe_.reader_files_Pictures_Adobe-Acrobat-Exports_Speisekarte-2.-Aenderung-16.06.2025_9-768x1086.jpg 768w, https:\/\/www.gasthaus-hafenterrasse.de\/wp-content\/uploads\/2025\/07\/storage_emulated_0_Android_data_com.adobe_.reader_files_Pictures_Adobe-Acrobat-Exports_Speisekarte-2.-Aenderung-16.06.2025_9-1086x1536.jpg 1086w, https:\/\/www.gasthaus-hafenterrasse.de\/wp-content\/uploads\/2025\/07\/storage_emulated_0_Android_data_com.adobe_.reader_files_Pictures_Adobe-Acrobat-Exports_Speisekarte-2.-Aenderung-16.06.2025_9-1448x2048.jpg 1448w, https:\/\/www.gasthaus-hafenterrasse.de\/wp-content\/uploads\/2025\/07\/storage_emulated_0_Android_data_com.adobe_.reader_files_Pictures_Adobe-Acrobat-Exports_Speisekarte-2.-Aenderung-16.06.2025_9.jpg 1655w\" sizes=\"(max-width: 212px) 100vw, 212px\" \/><\/a>\n\t\t\t<\/div>\n\t\t\t\t<figcaption class='wp-caption-text gallery-caption' id='gallery-1-395'>\n\t\t\t\tS1\n\t\t\t\t<\/figcaption><\/figure>\n\t\t<\/div>\n\t\t<\/div>\n\t\t\t\t\t\t<\/div>\n\t\t\t\t<\/div>\n\t\t\t\t\t<\/div>\n\t\t\t\t<\/div>\n\t\t<div class=\"elementor-element elementor-element-a150897 e-con-full e-flex e-con e-parent\" data-id=\"a150897\" data-element_type=\"container\" data-e-type=\"container\">\n\t\t\t\t<div class=\"elementor-element elementor-element-b249841 elementor-widget elementor-widget-google_maps\" data-id=\"b249841\" data-element_type=\"widget\" data-e-type=\"widget\" data-widget_type=\"google_maps.default\">\n\t\t\t\t<div class=\"elementor-widget-container\">\n\t\t\t\t\t\t\t<div class=\"elementor-custom-embed\">\n\t\t\t<iframe loading=\"lazy\"\n\t\t\t\t\tsrc=\"https:\/\/maps.google.com\/maps?q=Gasthaus%20Hafenterrasse%20Goyatz%2C%2015913%20Schwielochsee&#038;t=m&#038;z=15&#038;output=embed&#038;iwloc=near\"\n\t\t\t\t\ttitle=\"Gasthaus Hafenterrasse Goyatz, 15913 Schwielochsee\"\n\t\t\t\t\taria-label=\"Gasthaus Hafenterrasse Goyatz, 15913 Schwielochsee\"\n\t\t\t><\/iframe>\n\t\t<\/div>\n\t\t\t\t\t\t<\/div>\n\t\t\t\t<\/div>\n\t\t\t\t<\/div>\n\t\t<div class=\"elementor-element elementor-element-3c61ba7 e-flex e-con-boxed e-con e-parent\" data-id=\"3c61ba7\" data-element_type=\"container\" data-e-type=\"container\" data-settings=\"{&quot;background_background&quot;:&quot;classic&quot;}\">\n\t\t\t\t\t<div class=\"e-con-inner\">\n\t\t\t\t<div class=\"elementor-element elementor-element-5963c1a elementor-widget-mobile__width-inherit elementor-widget elementor-widget-gallery\" data-id=\"5963c1a\" data-element_type=\"widget\" data-e-type=\"widget\" data-settings=\"{&quot;columns_widescreen&quot;:2,&quot;columns_mobile_extra&quot;:2,&quot;columns_mobile&quot;:2,&quot;gap_widescreen&quot;:{&quot;unit&quot;:&quot;px&quot;,&quot;size&quot;:0,&quot;sizes&quot;:[]},&quot;columns&quot;:2,&quot;columns_laptop&quot;:2,&quot;columns_tablet_extra&quot;:2,&quot;columns_tablet&quot;:1,&quot;gallery_layout&quot;:&quot;grid&quot;,&quot;gap&quot;:{&quot;unit&quot;:&quot;px&quot;,&quot;size&quot;:10,&quot;sizes&quot;:[]},&quot;gap_laptop&quot;:{&quot;unit&quot;:&quot;px&quot;,&quot;size&quot;:10,&quot;sizes&quot;:[]},&quot;gap_tablet_extra&quot;:{&quot;unit&quot;:&quot;px&quot;,&quot;size&quot;:10,&quot;sizes&quot;:[]},&quot;gap_tablet&quot;:{&quot;unit&quot;:&quot;px&quot;,&quot;size&quot;:10,&quot;sizes&quot;:[]},&quot;gap_mobile_extra&quot;:{&quot;unit&quot;:&quot;px&quot;,&quot;size&quot;:10,&quot;sizes&quot;:[]},&quot;gap_mobile&quot;:{&quot;unit&quot;:&quot;px&quot;,&quot;size&quot;:10,&quot;sizes&quot;:[]},&quot;link_to&quot;:&quot;file&quot;,&quot;aspect_ratio&quot;:&quot;3:2&quot;,&quot;overlay_background&quot;:&quot;yes&quot;,&quot;content_hover_animation&quot;:&quot;fade-in&quot;}\" data-widget_type=\"gallery.default\">\n\t\t\t\t<div class=\"elementor-widget-container\">\n\t\t\t\t\t\t\t<div class=\"elementor-gallery__container\">\n\t\t\t\t\t\t\t<a class=\"e-gallery-item elementor-gallery-item elementor-animated-content\" href=\"https:\/\/www.gasthaus-hafenterrasse.de\/wp-content\/uploads\/2023\/10\/IMG_20231003_102238-scaled.jpg\" data-elementor-open-lightbox=\"yes\" data-elementor-lightbox-slideshow=\"5963c1a\" data-elementor-lightbox-title=\"IMG_20231003_102238\" data-e-action-hash=\"#elementor-action%3Aaction%3Dlightbox%26settings%3DeyJpZCI6NzYsInVybCI6Imh0dHBzOlwvXC93d3cuZ2FzdGhhdXMtaGFmZW50ZXJyYXNzZS5kZVwvd3AtY29udGVudFwvdXBsb2Fkc1wvMjAyM1wvMTBcL0lNR18yMDIzMTAwM18xMDIyMzgtc2NhbGVkLmpwZyIsInNsaWRlc2hvdyI6IjU5NjNjMWEifQ%3D%3D\">\n\t\t\t\t\t<div class=\"e-gallery-image elementor-gallery-item__image\" data-thumbnail=\"https:\/\/www.gasthaus-hafenterrasse.de\/wp-content\/uploads\/2023\/10\/IMG_20231003_102238-300x225.jpg\" data-width=\"300\" data-height=\"225\" aria-label=\"\" role=\"img\" ><\/div>\n\t\t\t\t\t\t\t\t\t\t\t<div class=\"elementor-gallery-item__overlay\"><\/div>\n\t\t\t\t\t\t\t\t\t\t\t\t\t\t<\/a>\n\t\t\t\t\t\t\t<a class=\"e-gallery-item elementor-gallery-item elementor-animated-content\" href=\"https:\/\/www.gasthaus-hafenterrasse.de\/wp-content\/uploads\/2023\/10\/IMG_20231003_102216-scaled.jpg\" data-elementor-open-lightbox=\"yes\" data-elementor-lightbox-slideshow=\"5963c1a\" data-elementor-lightbox-title=\"IMG_20231003_102216\" data-e-action-hash=\"#elementor-action%3Aaction%3Dlightbox%26settings%3DeyJpZCI6NjcsInVybCI6Imh0dHBzOlwvXC93d3cuZ2FzdGhhdXMtaGFmZW50ZXJyYXNzZS5kZVwvd3AtY29udGVudFwvdXBsb2Fkc1wvMjAyM1wvMTBcL0lNR18yMDIzMTAwM18xMDIyMTYtc2NhbGVkLmpwZyIsInNsaWRlc2hvdyI6IjU5NjNjMWEifQ%3D%3D\">\n\t\t\t\t\t<div class=\"e-gallery-image elementor-gallery-item__image\" data-thumbnail=\"https:\/\/www.gasthaus-hafenterrasse.de\/wp-content\/uploads\/2023\/10\/IMG_20231003_102216-225x300.jpg\" data-width=\"225\" data-height=\"300\" aria-label=\"\" role=\"img\" ><\/div>\n\t\t\t\t\t\t\t\t\t\t\t<div class=\"elementor-gallery-item__overlay\"><\/div>\n\t\t\t\t\t\t\t\t\t\t\t\t\t\t<\/a>\n\t\t\t\t\t\t\t<a class=\"e-gallery-item elementor-gallery-item elementor-animated-content\" href=\"https:\/\/www.gasthaus-hafenterrasse.de\/wp-content\/uploads\/2023\/10\/IMG_20231003_102207-scaled.jpg\" data-elementor-open-lightbox=\"yes\" data-elementor-lightbox-slideshow=\"5963c1a\" data-elementor-lightbox-title=\"IMG_20231003_102207\" data-e-action-hash=\"#elementor-action%3Aaction%3Dlightbox%26settings%3DeyJpZCI6NjUsInVybCI6Imh0dHBzOlwvXC93d3cuZ2FzdGhhdXMtaGFmZW50ZXJyYXNzZS5kZVwvd3AtY29udGVudFwvdXBsb2Fkc1wvMjAyM1wvMTBcL0lNR18yMDIzMTAwM18xMDIyMDctc2NhbGVkLmpwZyIsInNsaWRlc2hvdyI6IjU5NjNjMWEifQ%3D%3D\">\n\t\t\t\t\t<div class=\"e-gallery-image elementor-gallery-item__image\" data-thumbnail=\"https:\/\/www.gasthaus-hafenterrasse.de\/wp-content\/uploads\/2023\/10\/IMG_20231003_102207-300x225.jpg\" data-width=\"300\" data-height=\"225\" aria-label=\"\" role=\"img\" ><\/div>\n\t\t\t\t\t\t\t\t\t\t\t<div class=\"elementor-gallery-item__overlay\"><\/div>\n\t\t\t\t\t\t\t\t\t\t\t\t\t\t<\/a>\n\t\t\t\t\t\t\t<a class=\"e-gallery-item elementor-gallery-item elementor-animated-content\" href=\"https:\/\/www.gasthaus-hafenterrasse.de\/wp-content\/uploads\/2023\/10\/IMG_20231003_102029-scaled.jpg\" data-elementor-open-lightbox=\"yes\" data-elementor-lightbox-slideshow=\"5963c1a\" data-elementor-lightbox-title=\"IMG_20231003_102029\" data-e-action-hash=\"#elementor-action%3Aaction%3Dlightbox%26settings%3DeyJpZCI6NTIsInVybCI6Imh0dHBzOlwvXC93d3cuZ2FzdGhhdXMtaGFmZW50ZXJyYXNzZS5kZVwvd3AtY29udGVudFwvdXBsb2Fkc1wvMjAyM1wvMTBcL0lNR18yMDIzMTAwM18xMDIwMjktc2NhbGVkLmpwZyIsInNsaWRlc2hvdyI6IjU5NjNjMWEifQ%3D%3D\">\n\t\t\t\t\t<div class=\"e-gallery-image elementor-gallery-item__image\" data-thumbnail=\"https:\/\/www.gasthaus-hafenterrasse.de\/wp-content\/uploads\/2023\/10\/IMG_20231003_102029-225x300.jpg\" data-width=\"225\" data-height=\"300\" aria-label=\"\" role=\"img\" ><\/div>\n\t\t\t\t\t\t\t\t\t\t\t<div class=\"elementor-gallery-item__overlay\"><\/div>\n\t\t\t\t\t\t\t\t\t\t\t\t\t\t<\/a>\n\t\t\t\t\t\t\t<a class=\"e-gallery-item elementor-gallery-item elementor-animated-content\" href=\"https:\/\/www.gasthaus-hafenterrasse.de\/wp-content\/uploads\/2023\/10\/IMG_20231003_102326-scaled.jpg\" data-elementor-open-lightbox=\"yes\" data-elementor-lightbox-slideshow=\"5963c1a\" data-elementor-lightbox-title=\"IMG_20231003_102326\" data-e-action-hash=\"#elementor-action%3Aaction%3Dlightbox%26settings%3DeyJpZCI6NzksInVybCI6Imh0dHBzOlwvXC93d3cuZ2FzdGhhdXMtaGFmZW50ZXJyYXNzZS5kZVwvd3AtY29udGVudFwvdXBsb2Fkc1wvMjAyM1wvMTBcL0lNR18yMDIzMTAwM18xMDIzMjYtc2NhbGVkLmpwZyIsInNsaWRlc2hvdyI6IjU5NjNjMWEifQ%3D%3D\">\n\t\t\t\t\t<div class=\"e-gallery-image elementor-gallery-item__image\" data-thumbnail=\"https:\/\/www.gasthaus-hafenterrasse.de\/wp-content\/uploads\/2023\/10\/IMG_20231003_102326-225x300.jpg\" data-width=\"225\" data-height=\"300\" aria-label=\"\" role=\"img\" ><\/div>\n\t\t\t\t\t\t\t\t\t\t\t<div class=\"elementor-gallery-item__overlay\"><\/div>\n\t\t\t\t\t\t\t\t\t\t\t\t\t\t<\/a>\n\t\t\t\t\t\t\t<a class=\"e-gallery-item elementor-gallery-item elementor-animated-content\" href=\"https:\/\/www.gasthaus-hafenterrasse.de\/wp-content\/uploads\/2024\/08\/20240830_172023-scaled.jpg\" data-elementor-open-lightbox=\"yes\" data-elementor-lightbox-slideshow=\"5963c1a\" data-elementor-lightbox-title=\"20240830_172023\" data-e-action-hash=\"#elementor-action%3Aaction%3Dlightbox%26settings%3DeyJpZCI6MjE1LCJ1cmwiOiJodHRwczpcL1wvd3d3Lmdhc3RoYXVzLWhhZmVudGVycmFzc2UuZGVcL3dwLWNvbnRlbnRcL3VwbG9hZHNcLzIwMjRcLzA4XC8yMDI0MDgzMF8xNzIwMjMtc2NhbGVkLmpwZyIsInNsaWRlc2hvdyI6IjU5NjNjMWEifQ%3D%3D\">\n\t\t\t\t\t<div class=\"e-gallery-image elementor-gallery-item__image\" data-thumbnail=\"https:\/\/www.gasthaus-hafenterrasse.de\/wp-content\/uploads\/2024\/08\/20240830_172023-300x225.jpg\" data-width=\"300\" data-height=\"225\" aria-label=\"\" role=\"img\" ><\/div>\n\t\t\t\t\t\t\t\t\t\t\t<div class=\"elementor-gallery-item__overlay\"><\/div>\n\t\t\t\t\t\t\t\t\t\t\t\t\t\t<\/a>\n\t\t\t\t\t\t\t<a class=\"e-gallery-item elementor-gallery-item elementor-animated-content\" href=\"https:\/\/www.gasthaus-hafenterrasse.de\/wp-content\/uploads\/2023\/10\/IMG_0907-scaled.jpeg\" data-elementor-open-lightbox=\"yes\" data-elementor-lightbox-slideshow=\"5963c1a\" data-elementor-lightbox-title=\"IMG_0907\" data-e-action-hash=\"#elementor-action%3Aaction%3Dlightbox%26settings%3DeyJpZCI6OTQsInVybCI6Imh0dHBzOlwvXC93d3cuZ2FzdGhhdXMtaGFmZW50ZXJyYXNzZS5kZVwvd3AtY29udGVudFwvdXBsb2Fkc1wvMjAyM1wvMTBcL0lNR18wOTA3LXNjYWxlZC5qcGVnIiwic2xpZGVzaG93IjoiNTk2M2MxYSJ9\">\n\t\t\t\t\t<div class=\"e-gallery-image elementor-gallery-item__image\" data-thumbnail=\"https:\/\/www.gasthaus-hafenterrasse.de\/wp-content\/uploads\/2023\/10\/IMG_0907-225x300.jpeg\" data-width=\"225\" data-height=\"300\" aria-label=\"\" role=\"img\" ><\/div>\n\t\t\t\t\t\t\t\t\t\t\t<div class=\"elementor-gallery-item__overlay\"><\/div>\n\t\t\t\t\t\t\t\t\t\t\t\t\t\t<\/a>\n\t\t\t\t\t\t\t<a class=\"e-gallery-item elementor-gallery-item elementor-animated-content\" href=\"https:\/\/www.gasthaus-hafenterrasse.de\/wp-content\/uploads\/2023\/10\/IMG_20231003_102337-scaled.jpg\" data-elementor-open-lightbox=\"yes\" data-elementor-lightbox-slideshow=\"5963c1a\" data-elementor-lightbox-title=\"IMG_20231003_102337\" data-e-action-hash=\"#elementor-action%3Aaction%3Dlightbox%26settings%3DeyJpZCI6ODAsInVybCI6Imh0dHBzOlwvXC93d3cuZ2FzdGhhdXMtaGFmZW50ZXJyYXNzZS5kZVwvd3AtY29udGVudFwvdXBsb2Fkc1wvMjAyM1wvMTBcL0lNR18yMDIzMTAwM18xMDIzMzctc2NhbGVkLmpwZyIsInNsaWRlc2hvdyI6IjU5NjNjMWEifQ%3D%3D\">\n\t\t\t\t\t<div class=\"e-gallery-image elementor-gallery-item__image\" data-thumbnail=\"https:\/\/www.gasthaus-hafenterrasse.de\/wp-content\/uploads\/2023\/10\/IMG_20231003_102337-225x300.jpg\" data-width=\"225\" data-height=\"300\" aria-label=\"\" role=\"img\" ><\/div>\n\t\t\t\t\t\t\t\t\t\t\t<div class=\"elementor-gallery-item__overlay\"><\/div>\n\t\t\t\t\t\t\t\t\t\t\t\t\t\t<\/a>\n\t\t\t\t\t\t\t<a class=\"e-gallery-item elementor-gallery-item elementor-animated-content\" href=\"https:\/\/www.gasthaus-hafenterrasse.de\/wp-content\/uploads\/2023\/10\/IMG_20231003_102346-scaled.jpg\" data-elementor-open-lightbox=\"yes\" data-elementor-lightbox-slideshow=\"5963c1a\" data-elementor-lightbox-title=\"IMG_20231003_102346\" data-e-action-hash=\"#elementor-action%3Aaction%3Dlightbox%26settings%3DeyJpZCI6ODEsInVybCI6Imh0dHBzOlwvXC93d3cuZ2FzdGhhdXMtaGFmZW50ZXJyYXNzZS5kZVwvd3AtY29udGVudFwvdXBsb2Fkc1wvMjAyM1wvMTBcL0lNR18yMDIzMTAwM18xMDIzNDYtc2NhbGVkLmpwZyIsInNsaWRlc2hvdyI6IjU5NjNjMWEifQ%3D%3D\">\n\t\t\t\t\t<div class=\"e-gallery-image elementor-gallery-item__image\" data-thumbnail=\"https:\/\/www.gasthaus-hafenterrasse.de\/wp-content\/uploads\/2023\/10\/IMG_20231003_102346-225x300.jpg\" data-width=\"225\" data-height=\"300\" aria-label=\"\" role=\"img\" ><\/div>\n\t\t\t\t\t\t\t\t\t\t\t<div class=\"elementor-gallery-item__overlay\"><\/div>\n\t\t\t\t\t\t\t\t\t\t\t\t\t\t<\/a>\n\t\t\t\t\t\t\t<a class=\"e-gallery-item elementor-gallery-item elementor-animated-content\" href=\"https:\/\/www.gasthaus-hafenterrasse.de\/wp-content\/uploads\/2023\/10\/IMG_20231003_102323-scaled.jpg\" data-elementor-open-lightbox=\"yes\" data-elementor-lightbox-slideshow=\"5963c1a\" data-elementor-lightbox-title=\"IMG_20231003_102323\" data-e-action-hash=\"#elementor-action%3Aaction%3Dlightbox%26settings%3DeyJpZCI6NzgsInVybCI6Imh0dHBzOlwvXC93d3cuZ2FzdGhhdXMtaGFmZW50ZXJyYXNzZS5kZVwvd3AtY29udGVudFwvdXBsb2Fkc1wvMjAyM1wvMTBcL0lNR18yMDIzMTAwM18xMDIzMjMtc2NhbGVkLmpwZyIsInNsaWRlc2hvdyI6IjU5NjNjMWEifQ%3D%3D\">\n\t\t\t\t\t<div class=\"e-gallery-image elementor-gallery-item__image\" data-thumbnail=\"https:\/\/www.gasthaus-hafenterrasse.de\/wp-content\/uploads\/2023\/10\/IMG_20231003_102323-300x225.jpg\" data-width=\"300\" data-height=\"225\" aria-label=\"\" role=\"img\" ><\/div>\n\t\t\t\t\t\t\t\t\t\t\t<div class=\"elementor-gallery-item__overlay\"><\/div>\n\t\t\t\t\t\t\t\t\t\t\t\t\t\t<\/a>\n\t\t\t\t\t\t\t<a class=\"e-gallery-item elementor-gallery-item elementor-animated-content\" href=\"https:\/\/www.gasthaus-hafenterrasse.de\/wp-content\/uploads\/2023\/10\/IMG_20231003_102230-scaled.jpg\" data-elementor-open-lightbox=\"yes\" data-elementor-lightbox-slideshow=\"5963c1a\" data-elementor-lightbox-title=\"IMG_20231003_102230\" data-e-action-hash=\"#elementor-action%3Aaction%3Dlightbox%26settings%3DeyJpZCI6NjgsInVybCI6Imh0dHBzOlwvXC93d3cuZ2FzdGhhdXMtaGFmZW50ZXJyYXNzZS5kZVwvd3AtY29udGVudFwvdXBsb2Fkc1wvMjAyM1wvMTBcL0lNR18yMDIzMTAwM18xMDIyMzAtc2NhbGVkLmpwZyIsInNsaWRlc2hvdyI6IjU5NjNjMWEifQ%3D%3D\">\n\t\t\t\t\t<div class=\"e-gallery-image elementor-gallery-item__image\" data-thumbnail=\"https:\/\/www.gasthaus-hafenterrasse.de\/wp-content\/uploads\/2023\/10\/IMG_20231003_102230-300x225.jpg\" data-width=\"300\" data-height=\"225\" aria-label=\"\" role=\"img\" ><\/div>\n\t\t\t\t\t\t\t\t\t\t\t<div class=\"elementor-gallery-item__overlay\"><\/div>\n\t\t\t\t\t\t\t\t\t\t\t\t\t\t<\/a>\n\t\t\t\t\t\t\t<a class=\"e-gallery-item elementor-gallery-item elementor-animated-content\" href=\"https:\/\/www.gasthaus-hafenterrasse.de\/wp-content\/uploads\/2023\/10\/IMG_0849-scaled.jpeg\" data-elementor-open-lightbox=\"yes\" data-elementor-lightbox-slideshow=\"5963c1a\" data-elementor-lightbox-title=\"IMG_0849\" data-e-action-hash=\"#elementor-action%3Aaction%3Dlightbox%26settings%3DeyJpZCI6OTIsInVybCI6Imh0dHBzOlwvXC93d3cuZ2FzdGhhdXMtaGFmZW50ZXJyYXNzZS5kZVwvd3AtY29udGVudFwvdXBsb2Fkc1wvMjAyM1wvMTBcL0lNR18wODQ5LXNjYWxlZC5qcGVnIiwic2xpZGVzaG93IjoiNTk2M2MxYSJ9\">\n\t\t\t\t\t<div class=\"e-gallery-image elementor-gallery-item__image\" data-thumbnail=\"https:\/\/www.gasthaus-hafenterrasse.de\/wp-content\/uploads\/2023\/10\/IMG_0849-225x300.jpeg\" data-width=\"225\" data-height=\"300\" aria-label=\"\" role=\"img\" ><\/div>\n\t\t\t\t\t\t\t\t\t\t\t<div class=\"elementor-gallery-item__overlay\"><\/div>\n\t\t\t\t\t\t\t\t\t\t\t\t\t\t<\/a>\n\t\t\t\t\t<\/div>\n\t\t\t\t\t<\/div>\n\t\t\t\t<\/div>\n\t\t\t\t<div class=\"elementor-element elementor-element-06e4ab2 elementor-widget__width-initial elementor-widget-mobile__width-inherit elementor-widget elementor-widget-text-editor\" data-id=\"06e4ab2\" data-element_type=\"widget\" data-e-type=\"widget\" data-widget_type=\"text-editor.default\">\n\t\t\t\t<div class=\"elementor-widget-container\">\n\t\t\t\t\t\t\t\t\t<h2 style=\"text-align: left;\">Kontakt &amp; Impressum<\/h2><p>Gasthaus Hafenterrasse &#8211; Basri Aljiti<br \/>Am Bahnhof 31<br \/>15913 Goyatz, Schwielochsee<br \/>Deutschland<\/p><p>Telefon: +49 (0)35478 181907<br \/>E-Mail: kontakt@gasthaus-hafenterrasse.de<\/p><p><strong>Inhaltlich verantwortlich:<\/strong><br \/>Basri Aljiti<br \/>Am Bahnhof 31<br \/>15913 Goyatz, Schwielochsee<br \/>USt-IdNr.: DE360108335<\/p><p><strong>Inhalte:<\/strong><br \/>Es wird keine Gew\u00e4hr \u00fcbernommen f\u00fcr die Erreichbarkeit, Aktualit\u00e4t, Korrektheit, Vollst\u00e4ndigkeit oder Qualit\u00e4t der bereitgestellten Informationen und Inhalte. Alle Angebote dieser Internet-Pr\u00e4senz sind freibleibend und unverbindlich. Teile der Inhalte k\u00f6nnen jederzeit ver\u00e4ndert, erg\u00e4nzt oder gel\u00f6scht werden.<\/p><p><strong>Haftungshinweis:<\/strong><br \/>Trotz sorgf\u00e4ltiger inhaltlicher Kontrolle \u00fcbernehmen wir keine Haftung f\u00fcr die Inhalte externer Links.<\/p><p><strong>Beschwerdeverfahren:<\/strong><br \/>Alternative Streitbeilegung gem\u00e4\u00df Art. 14 Abs. 1 ODR-VO und \u00a7 36 VSBG:<br \/>Die Europ\u00e4ische Kommission stellt eine Plattform zur Online-Streitbeilegung (OS) bereit, die Sie unter https:\/\/ec.europa.eu\/consumers\/odr\/ finden. Zur Teilnahme an einem Streitbeilegungsverfahren vor einer Verbraucherschlichtungsstelle sind wir nicht verpflichtet und nicht bereit.<\/p><p><strong>Bildnachweise:<\/strong><br \/>Die meisten auf https:\/\/www.gasthaus-hafenterrasse.de verwendeten Grafiken und Abbildungen wurden durch uns selbst erstellt, von DavidHarex.com\u00a0 oder stammen von Elements.envato.com und unterliegen unserem Copyright.<br \/>Die Rechte gekennzeichneter Bilder liegen bei deren Autor.<\/p>\t\t\t\t\t\t\t\t<\/div>\n\t\t\t\t<\/div>\n\t\t\t\t\t<\/div>\n\t\t\t\t<\/div>\n\t\t<div data-dce-background-color=\"#3A65C0\" class=\"elementor-element elementor-element-7c6477b e-flex e-con-boxed e-con e-parent\" data-id=\"7c6477b\" data-element_type=\"container\" data-e-type=\"container\" data-settings=\"{&quot;background_background&quot;:&quot;classic&quot;}\">\n\t\t\t\t\t<div class=\"e-con-inner\">\n\t\t\t\t<div class=\"elementor-element elementor-element-80a6d0a elementor-widget__width-inherit elementor-widget elementor-widget-shortcode\" data-id=\"80a6d0a\" data-element_type=\"widget\" data-e-type=\"widget\" data-widget_type=\"shortcode.default\">\n\t\t\t\t<div class=\"elementor-widget-container\">\n\t\t\t\t\t\t\t<div class=\"elementor-shortcode\">\n            <div \n                class=\"elfsight-widget-whatsapp-chat elfsight-widget\" \n                data-elfsight-whatsapp-chat-options=\"%7B%22facebookSubgoup%22%3Anull%2C%22whatsappSubgoup%22%3Anull%2C%22telegramSubgoup%22%3Anull%2C%22viberSubgoup%22%3Anull%2C%22rumbletalkSubgoup%22%3Anull%2C%22divider-1%22%3Anull%2C%22userAccessToken%22%3Anull%2C%22page%22%3Anull%2C%22phone%22%3A%22%2B49%20176%2041610581%22%2C%22link%22%3Anull%2C%22userAccessTokenBubbleSubgroup%22%3Anull%2C%22bubbleIcon%22%3A%22whatsapp-chat%22%2C%22bubbleText%22%3Anull%2C%22picture%22%3A%22custom%22%2C%22pictureLibrary%22%3A%7B%22photo%22%3A%22https%3A%5C%2F%5C%2Fpbs.twimg.com%5C%2Fprofile_images%5C%2F951055655594545153%5C%2FF6eybr-i.jpg%22%7D%2C%22pictureCustom%22%3A%22https%3A%5C%2F%5C%2Fwww.gasthaus-hafenterrasse.de%5C%2Fwp-content%5C%2Fuploads%5C%2F2025%5C%2F04%5C%2FScreenshot-2025-04-12-154441.png%22%2C%22name%22%3A%22Hafenterrasse%20Goyatz%22%2C%22nameCaptionType%22%3A%22custom%22%2C%22nameCaptionReplyTime%22%3A%22Typically%20replies%20within%20a%20day%22%2C%22nameCaptionCustom%22%3A%22Fragen%20und%20Reservierung%22%2C%22welcomeMessage%22%3A%22Buon%20giorno.%5Cud83d%5Cudc4b%3Cbr%3E%3Cbr%3EWie%20kann%20ich%20helfen%3F%22%2C%22buttonText%22%3A%22Start%20Chat%22%2C%22buttonIconVisible%22%3Atrue%2C%22position%22%3A%22floating%22%2C%22align%22%3A%22right%22%2C%22whereToDisplayChat%22%3A%22allPages%22%2C%22excludedPages%22%3A%5B%5D%2C%22specificPages%22%3A%5B%5D%2C%22devicesToDisplay%22%3A%5B%22mobile%22%2C%22desktop%22%5D%2C%22showChatTo%22%3A%22allVisitors%22%2C%22displayDays%22%3A%5B0%2C1%2C2%2C3%2C4%2C5%2C6%5D%2C%22timeSchedule%22%3Afalse%2C%22displayStartTime%22%3A%2200%3A00%22%2C%22displayEndTime%22%3A%2200%3A00%22%2C%22timeZone%22%3A0%2C%22timeOnPage%22%3A0%2C%22timeOnSite%22%3A0%2C%22scrollPosition%22%3A0%2C%22exiIntent%22%3Afalse%2C%22notifications%22%3A%5B%22bubbleBadge%22%2C%22tabTitle%22%5D%2C%22headerBackgroundColor%22%3A%22rgb%289%2C%2094%2C%2084%29%22%2C%22buttonColor%22%3A%22rgb%2879%2C%20206%2C%2093%29%22%2C%22bubbleBackgroundColor%22%3A%22rgb%28255%2C%20255%2C%20255%29%22%2C%22bubbleIconColor%22%3A%22rgb%2879%2C%20206%2C%2093%29%22%2C%22windowBackgroundColor%22%3A%22rgb%28230%2C%20221%2C%20212%29%22%2C%22windowBackgroundPattern%22%3A%22https%3A%5C%2F%5C%2Felfsight.com%5C%2Fassets%5C%2Fchats%5C%2Fpatterns%5C%2Fwhatsapp.png%22%2C%22buttonBorderRadius%22%3A20%2C%22widgetId%22%3A%221%22%7D\" \n                data-elfsight-whatsapp-chat-version=\"1.2.0\"\n                data-elfsight-widget-id=\"elfsight-whatsapp-chat-1\">\n            <\/div>\n            <\/div>\n\t\t\t\t\t\t<\/div>\n\t\t\t\t<\/div>\n\t\t\t\t<div class=\"elementor-element elementor-element-66cd303 elementor-widget__width-inherit elementor-widget elementor-widget-text-editor\" data-id=\"66cd303\" data-element_type=\"widget\" data-e-type=\"widget\" data-widget_type=\"text-editor.default\">\n\t\t\t\t<div class=\"elementor-widget-container\">\n\t\t\t\t\t\t\t\t\t<p><strong>Gasthauf Hafenterrasse \u2013 Italienisches Restaurant am Schwielochsee | Tel.: 035478 18190<\/strong><\/p><p>Alle Rechte vorbehalten<\/p>\t\t\t\t\t\t\t\t<\/div>\n\t\t\t\t<\/div>\n\t\t\t\t\t<\/div>\n\t\t\t\t<\/div>\n\t\t\t\t<\/div>\n\t\t","protected":false},"excerpt":{"rendered":"<p>Die Hafenterrasse am Schwielochsee l\u00e4dt in der Advents- und Weihnachtszeit zu einem Erlebnis ein, das man zu Hause so nicht bekommt. Italienische K\u00fcche trifft auf klassische Weihnachtsaromen: festliche 3-G\u00e4nge-Men\u00fcs, inspiriert von traditionellen Gerichten und verfeinert mit mediterranen Akzenten.<\/p>\n<p>Genie\u00dfen Sie diese besondere Zeit entspannt und romantisch \u2013 am warmen Kaminfeuer oder drau\u00dfen am knisternden Lagerfeuer, mit Blick auf den winterlichen See. Die Hafenterrasse macht Weihnachten sp\u00fcrbar: stimmungsvoll, genussvoll und einzigartig.<\/p>\n","protected":false},"author":1,"featured_media":409,"parent":0,"menu_order":0,"comment_status":"closed","ping_status":"closed","template":"","meta":{"footnotes":""},"class_list":["post-2","page","type-page","status-publish","has-post-thumbnail","hentry"],"_links":{"self":[{"href":"https:\/\/www.gasthaus-hafenterrasse.de\/index.php\/wp-json\/wp\/v2\/pages\/2","targetHints":{"allow":["GET"]}}],"collection":[{"href":"https:\/\/www.gasthaus-hafenterrasse.de\/index.php\/wp-json\/wp\/v2\/pages"}],"about":[{"href":"https:\/\/www.gasthaus-hafenterrasse.de\/index.php\/wp-json\/wp\/v2\/types\/page"}],"author":[{"embeddable":true,"href":"https:\/\/www.gasthaus-hafenterrasse.de\/index.php\/wp-json\/wp\/v2\/users\/1"}],"replies":[{"embeddable":true,"href":"https:\/\/www.gasthaus-hafenterrasse.de\/index.php\/wp-json\/wp\/v2\/comments?post=2"}],"version-history":[{"count":368,"href":"https:\/\/www.gasthaus-hafenterrasse.de\/index.php\/wp-json\/wp\/v2\/pages\/2\/revisions"}],"predecessor-version":[{"id":565,"href":"https:\/\/www.gasthaus-hafenterrasse.de\/index.php\/wp-json\/wp\/v2\/pages\/2\/revisions\/565"}],"wp:featuredmedia":[{"embeddable":true,"href":"https:\/\/www.gasthaus-hafenterrasse.de\/index.php\/wp-json\/wp\/v2\/media\/409"}],"wp:attachment":[{"href":"https:\/\/www.gasthaus-hafenterrasse.de\/index.php\/wp-json\/wp\/v2\/media?parent=2"}],"curies":[{"name":"wp","href":"https:\/\/api.w.org\/{rel}","templated":true}]}}